{"id":3820,"date":"2025-04-08T16:06:52","date_gmt":"2025-04-08T13:06:52","guid":{"rendered":"https:\/\/www.arsakademia.com\/?post_type=product&#038;p=3820"},"modified":"2025-04-08T16:06:52","modified_gmt":"2025-04-08T13:06:52","slug":"ozel-egitim-egitmenligi","status":"publish","type":"product","link":"https:\/\/www.arsakademia.com\/en\/product\/ozel-egitim-egitmenligi\/","title":{"rendered":"\u00d6zel E\u011fitim E\u011fitmenli\u011fi"},"content":{"rendered":"<h3 class=\"\" data-start=\"85\" data-end=\"176\"><strong data-start=\"89\" data-end=\"176\">\u00d6zel E\u011fitim E\u011fitmenli\u011fi E\u011fitimi: Her \u00c7ocu\u011fun Potansiyelini Ke\u015ffetmek ve Desteklemek<\/strong><\/h3>\n<p class=\"\" data-start=\"178\" data-end=\"665\">\u00d6zel e\u011fitim, \u00e7ocuklar\u0131n \u00f6zel gereksinimlerini anlayarak, onlar\u0131n \u00f6\u011frenme s\u00fcre\u00e7lerini en verimli \u015fekilde desteklemeyi ama\u00e7layan bir aland\u0131r. <strong data-start=\"318\" data-end=\"353\">\u00d6zel E\u011fitim E\u011fitmenli\u011fi E\u011fitimi<\/strong>, bu alanda uzmanla\u015fmak ve \u00e7ocuklar\u0131n \u00f6zel gereksinimlerini en iyi \u015fekilde kar\u015f\u0131layabilmek i\u00e7in gerekli bilgi ve becerileri kazand\u0131ran kapsaml\u0131 bir e\u011fitim program\u0131d\u0131r. E\u011fitim, \u00f6\u011fretmenlerin, terapistlerin, pedagoglar\u0131n ve ailelerin, \u00f6zel gereksinimli \u00e7ocuklarla etkili bir \u015fekilde \u00e7al\u0131\u015fabilmelerine olanak tan\u0131r.<\/p>\n<p class=\"\" data-start=\"667\" data-end=\"943\">Bu e\u011fitim, bireysel farkl\u0131l\u0131klar\u0131 anlamay\u0131, \u00f6zelle\u015ftirilmi\u015f \u00f6\u011fretim y\u00f6ntemlerini geli\u015ftirmeyi ve \u00e7ocuklar\u0131n potansiyellerini en \u00fcst d\u00fczeye \u00e7\u0131karmay\u0131 hedefler. \u00d6zel e\u011fitim, \u00e7ocuklar\u0131n sadece akademik ba\u015far\u0131lar\u0131n\u0131 de\u011fil, sosyal ve duygusal geli\u015fimlerini de desteklemeyi ama\u00e7lar.<\/p>\n<hr class=\"\" data-start=\"945\" data-end=\"948\" \/>\n<h3 class=\"\" data-start=\"950\" data-end=\"973\"><strong data-start=\"954\" data-end=\"973\">E\u011fitim \u0130\u00e7eri\u011fi:<\/strong><\/h3>\n<ul data-start=\"975\" data-end=\"2808\">\n<li class=\"\" data-start=\"975\" data-end=\"1146\">\n<p class=\"\" data-start=\"977\" data-end=\"1146\"><strong data-start=\"977\" data-end=\"999\">\u00d6zel E\u011fitim Nedir?<\/strong>: \u00d6zel e\u011fitimin temel ilkeleri, amac\u0131 ve kapsam\u0131 hakk\u0131nda genel bir bilgi. \u00c7ocuklar\u0131n bireysel ihtiya\u00e7lar\u0131na g\u00f6re e\u011fitim planlar\u0131 nas\u0131l haz\u0131rlan\u0131r?<\/p>\n<\/li>\n<li class=\"\" data-start=\"1148\" data-end=\"1382\">\n<p class=\"\" data-start=\"1150\" data-end=\"1382\"><strong data-start=\"1150\" data-end=\"1189\">\u00d6zel Gereksinimli \u00c7ocuklar\u0131 Anlama:<\/strong> Zihinsel engeller, otizm, \u00f6\u011frenme g\u00fc\u00e7l\u00fckleri, dikkat eksikli\u011fi, hiperaktivite gibi \u00e7e\u015fitli \u00f6zel gereksinimler hakk\u0131nda bilgi edinme ve bu gereksinimlere y\u00f6nelik e\u011fitim stratejileri geli\u015ftirme.<\/p>\n<\/li>\n<li class=\"\" data-start=\"1384\" data-end=\"1579\">\n<p class=\"\" data-start=\"1386\" data-end=\"1579\"><strong data-start=\"1386\" data-end=\"1432\">Bireyselle\u015ftirilmi\u015f E\u011fitim Planlar\u0131 (BEP):<\/strong> Her \u00f6\u011frencinin benzersiz ihtiya\u00e7lar\u0131na g\u00f6re e\u011fitim planlar\u0131 nas\u0131l haz\u0131rlan\u0131r? Bireyselle\u015ftirilmi\u015f e\u011fitim planlar\u0131 olu\u015fturma ve uygulama s\u00fcre\u00e7leri.<\/p>\n<\/li>\n<li class=\"\" data-start=\"1581\" data-end=\"1789\">\n<p class=\"\" data-start=\"1583\" data-end=\"1789\"><strong data-start=\"1583\" data-end=\"1620\">\u00d6\u011fretim Y\u00f6ntemleri ve Teknikleri:<\/strong> \u00d6zel e\u011fitimde kullan\u0131lan etkili \u00f6\u011fretim y\u00f6ntemleri, birebir e\u011fitim teknikleri ve grup \u00e7al\u0131\u015fmalar\u0131. Ayr\u0131ca, \u00e7ocuklar\u0131n \u00f6\u011frenme stillerine uygun y\u00f6ntemlerin belirlenmesi.<\/p>\n<\/li>\n<li class=\"\" data-start=\"1791\" data-end=\"1977\">\n<p class=\"\" data-start=\"1793\" data-end=\"1977\"><strong data-start=\"1793\" data-end=\"1827\">Davran\u0131\u015f Y\u00f6netimi ve \u0130leti\u015fim:<\/strong> \u00d6zel gereksinimli \u00e7ocuklarla etkili ileti\u015fim kurma, davran\u0131\u015f y\u00f6netim stratejileri. Duygusal ve sosyal becerilerin geli\u015ftirilmesine y\u00f6nelik teknikler.<\/p>\n<\/li>\n<li class=\"\" data-start=\"1979\" data-end=\"2189\">\n<p class=\"\" data-start=\"1981\" data-end=\"2189\"><strong data-start=\"1981\" data-end=\"2004\">Aile \u0130le \u0130\u015fbirli\u011fi:<\/strong> Ailelerin e\u011fitim s\u00fcrecine nas\u0131l dahil edilece\u011fi, ailelere rehberlik etme ve onlara destek sa\u011flama. Evde e\u011fitim s\u00fcre\u00e7lerinin nas\u0131l desteklenebilece\u011fi konusunda ailelere pratik bilgiler.<\/p>\n<\/li>\n<li class=\"\" data-start=\"2191\" data-end=\"2408\">\n<p class=\"\" data-start=\"2193\" data-end=\"2408\"><strong data-start=\"2193\" data-end=\"2237\">Duyusal Entegrasyon ve Zihinsel Geli\u015fim:<\/strong> Duyusal geli\u015fim bozukluklar\u0131 olan \u00e7ocuklar i\u00e7in uygun terapi y\u00f6ntemleri ve teknikleri. \u00c7ocuklar\u0131n motor becerileri ve bili\u015fsel geli\u015fimlerini desteklemek i\u00e7in etkinlikler.<\/p>\n<\/li>\n<li class=\"\" data-start=\"2410\" data-end=\"2624\">\n<p class=\"\" data-start=\"2412\" data-end=\"2624\"><strong data-start=\"2412\" data-end=\"2450\">\u00d6zel E\u011fitimde Teknoloji Kullan\u0131m\u0131:<\/strong> Teknolojik ara\u00e7lar ve uygulamalar ile \u00f6zel gereksinimli \u00e7ocuklar\u0131n e\u011fitimini nas\u0131l destekleyebilirsiniz? E\u011fitimde kullan\u0131lan dijital materyaller ve kaynaklar hakk\u0131nda bilgi.<\/p>\n<\/li>\n<li class=\"\" data-start=\"2626\" data-end=\"2808\">\n<p class=\"\" data-start=\"2628\" data-end=\"2808\"><strong data-start=\"2628\" data-end=\"2661\">Vaka \u00c7al\u0131\u015fmalar\u0131 ve Uygulama:<\/strong> Ger\u00e7ek vaka \u00f6rnekleri \u00fczerinden uygulamal\u0131 \u00e7al\u0131\u015fmalar. E\u011fitimde \u00f6\u011frendiklerinizi pratikte nas\u0131l kullanaca\u011f\u0131n\u0131z\u0131 g\u00f6rme ve yeni \u00e7\u00f6z\u00fcmler geli\u015ftirme.<\/p>\n<\/li>\n<\/ul>\n<hr class=\"\" data-start=\"2810\" data-end=\"2813\" \/>\n<h3 class=\"\" data-start=\"2815\" data-end=\"2840\"><strong data-start=\"2819\" data-end=\"2840\">Kimler Kat\u0131lmal\u0131?<\/strong><\/h3>\n<ul data-start=\"2841\" data-end=\"3524\">\n<li class=\"\" data-start=\"2841\" data-end=\"2952\">\n<p class=\"\" data-start=\"2843\" data-end=\"2952\"><strong data-start=\"2843\" data-end=\"2874\">\u00d6\u011fretmenler ve E\u011fitimciler:<\/strong> \u00d6zel gereksinimli \u00f6\u011frencilerle \u00e7al\u0131\u015fan ya da \u00e7al\u0131\u015fmay\u0131 planlayan \u00f6\u011fretmenler.<\/p>\n<\/li>\n<li class=\"\" data-start=\"2953\" data-end=\"3080\">\n<p class=\"\" data-start=\"2955\" data-end=\"3080\"><strong data-start=\"2955\" data-end=\"2985\">Pedagoglar ve Psikologlar:<\/strong> \u00d6zel e\u011fitimde \u00e7al\u0131\u015fan, \u00e7ocuklar\u0131n duygusal ve psikolojik geli\u015fimlerini izleyen profesyoneller.<\/p>\n<\/li>\n<li class=\"\" data-start=\"3081\" data-end=\"3231\">\n<p class=\"\" data-start=\"3083\" data-end=\"3231\"><strong data-start=\"3083\" data-end=\"3109\">Aileler ve Ebeveynler:<\/strong> \u00d6zel gereksinimli \u00e7ocuklar\u0131 olan aileler, \u00e7ocuklar\u0131na daha iyi nas\u0131l destek olabileceklerini \u00f6\u011frenmek isteyen ebeveynler.<\/p>\n<\/li>\n<li class=\"\" data-start=\"3232\" data-end=\"3368\">\n<p class=\"\" data-start=\"3234\" data-end=\"3368\"><strong data-start=\"3234\" data-end=\"3290\">Sosyal Hizmet Uzmanlar\u0131 ve Rehabilitasyon Uzmanlar\u0131:<\/strong> \u00d6zel gereksinimli bireylerle \u00e7al\u0131\u015fan terapistler ve rehabilitasyon uzmanlar\u0131.<\/p>\n<\/li>\n<li class=\"\" data-start=\"3369\" data-end=\"3524\">\n<p class=\"\" data-start=\"3371\" data-end=\"3524\"><strong data-start=\"3371\" data-end=\"3424\">Okul Y\u00f6neticileri ve Rehberlik Servisi Uzmanlar\u0131:<\/strong> \u00d6zel gereksinimli \u00f6\u011frencilerle \u00e7al\u0131\u015facak okullarda rehberlik ve y\u00f6nlendirme yapacak profesyoneller.<\/p>\n<\/li>\n<\/ul>\n<hr class=\"\" data-start=\"3526\" data-end=\"3529\" \/>\n<h3 class=\"\" data-start=\"3531\" data-end=\"3571\"><strong data-start=\"3535\" data-end=\"3571\">Neden Bu E\u011fitime Kat\u0131lmal\u0131s\u0131n\u0131z?<\/strong><\/h3>\n<ul data-start=\"3572\" data-end=\"5059\">\n<li class=\"\" data-start=\"3572\" data-end=\"3848\">\n<p class=\"\" data-start=\"3574\" data-end=\"3848\"><strong data-start=\"3574\" data-end=\"3618\">\u00c7ocuklar\u0131n Potansiyelini Ortaya \u00c7\u0131karma:<\/strong> \u00d6zel e\u011fitim, her \u00e7ocu\u011fun potansiyelini en iyi \u015fekilde de\u011ferlendirmeyi hedefler. Bu e\u011fitim sayesinde, \u00f6zel gereksinimli \u00e7ocuklar\u0131n geli\u015fim s\u00fcre\u00e7lerini daha iyi anlayacak ve onlara en uygun e\u011fitim y\u00f6ntemlerini uygulayabileceksiniz.<\/p>\n<\/li>\n<li class=\"\" data-start=\"3852\" data-end=\"4082\">\n<p class=\"\" data-start=\"3854\" data-end=\"4082\"><strong data-start=\"3854\" data-end=\"3898\">Bireyselle\u015ftirilmi\u015f E\u011fitim Yakla\u015f\u0131mlar\u0131:<\/strong> E\u011fitimde \u00f6\u011frenilen teknikler ile \u00e7ocuklar\u0131n ihtiya\u00e7lar\u0131na g\u00f6re \u00f6zelle\u015ftirilmi\u015f e\u011fitim planlar\u0131 olu\u015fturabilir, her bireyin benzersiz gereksinimlerine y\u00f6nelik \u00e7al\u0131\u015fmalar yapabilirsiniz.<\/p>\n<\/li>\n<li class=\"\" data-start=\"4084\" data-end=\"4349\">\n<p class=\"\" data-start=\"4086\" data-end=\"4349\"><strong data-start=\"4086\" data-end=\"4121\">Davran\u0131\u015fsal ve Duygusal Destek:<\/strong> \u00d6zel gereksinimli \u00e7ocuklar\u0131n duygusal ve davran\u0131\u015fsal geli\u015fimlerini desteklemek i\u00e7in gerekli becerilere sahip olursunuz. Bu e\u011fitim ile sosyal becerilerini geli\u015ftirmek ve \u00f6zg\u00fcvenlerini art\u0131rmak i\u00e7in etkili y\u00f6ntemler \u00f6\u011frenirsiniz.<\/p>\n<\/li>\n<li class=\"\" data-start=\"4351\" data-end=\"4566\">\n<p class=\"\" data-start=\"4353\" data-end=\"4566\"><strong data-start=\"4353\" data-end=\"4387\">Teknoloji Kullan\u0131m\u0131n\u0131 \u00d6\u011frenme:<\/strong> Teknolojik ara\u00e7larla \u00f6zel gereksinimli \u00e7ocuklar\u0131n e\u011fitimini daha verimli hale getirebilirsiniz. Bu e\u011fitimde, teknoloji kullan\u0131m\u0131n\u0131n e\u011fitimdeki yerini ve etkisini ke\u015ffedeceksiniz.<\/p>\n<\/li>\n<li class=\"\" data-start=\"4568\" data-end=\"4837\">\n<p class=\"\" data-start=\"4570\" data-end=\"4837\"><strong data-start=\"4570\" data-end=\"4598\">Kariyerinizi Geli\u015ftirin:<\/strong> \u00d6zel e\u011fitim alan\u0131nda uzmanla\u015farak, kariyerinizi bir ad\u0131m \u00f6teye ta\u015f\u0131yabilirsiniz. Hem e\u011fitim hem de profesyonel becerilerinizi geli\u015ftirece\u011finiz bu program ile \u00e7ocuklar\u0131n geli\u015fimlerine katk\u0131 sa\u011flamak i\u00e7in daha donan\u0131ml\u0131 hale gelebilirsiniz.<\/p>\n<\/li>\n<li class=\"\" data-start=\"4839\" data-end=\"5059\">\n<p class=\"\" data-start=\"4841\" data-end=\"5059\"><strong data-start=\"4841\" data-end=\"4861\">Toplumsal Katk\u0131:<\/strong> Her \u00e7ocu\u011fun e\u015fit f\u0131rsatlarla e\u011fitim almas\u0131 \u00f6nemlidir. Bu e\u011fitimle, \u00f6zel gereksinimli bireylerin topluma entegrasyonunu destekleyebilir ve daha ba\u011f\u0131ms\u0131z bir ya\u015fam s\u00fcrmelerine yard\u0131mc\u0131 olabilirsiniz.<\/p>\n<\/li>\n<\/ul>\n<hr class=\"\" data-start=\"5061\" data-end=\"5064\" \/>\n<h3 class=\"\" data-start=\"5066\" data-end=\"5127\"><strong data-start=\"5070\" data-end=\"5127\">\u00d6zel Gereksinimli \u00c7ocuklar\u0131n E\u011fitiminde Fark Yarat\u0131n!<\/strong><\/h3>\n<p class=\"\" data-start=\"5129\" data-end=\"5451\"><strong data-start=\"5129\" data-end=\"5164\">\u00d6zel E\u011fitim E\u011fitmenli\u011fi E\u011fitimi<\/strong>, \u00f6zel gereksinimli bireylerle etkili bir \u015fekilde \u00e7al\u0131\u015fmak ve onlar\u0131n e\u011fitim s\u00fcre\u00e7lerini en verimli \u015fekilde desteklemek i\u00e7in ihtiyac\u0131n\u0131z olan becerileri kazand\u0131r\u0131r. Bu e\u011fitimle, her \u00e7ocu\u011fun potansiyelini ortaya \u00e7\u0131karabilir, onlar\u0131n geli\u015fim s\u00fcre\u00e7lerine \u00f6nemli katk\u0131larda bulunabilirsiniz.<\/p>\n<p class=\"\" data-start=\"5453\" data-end=\"5509\"><strong data-start=\"5453\" data-end=\"5509\">Hemen kayd\u0131n\u0131z\u0131 yap\u0131n ve \u00f6zel e\u011fitimde fark yarat\u0131n!<\/strong><\/p>\n","protected":false},"excerpt":{"rendered":"<p>\u00d6zel E\u011fitim E\u011fitmenli\u011fi E\u011fitimi: Her \u00c7ocu\u011fun Potansiyelini Ke\u015ffetmek ve Desteklemek \u00d6zel e\u011fitim, \u00e7ocuklar\u0131n \u00f6zel gereksinimlerini anlayarak, onlar\u0131n \u00f6\u011frenme s\u00fcre\u00e7lerini en verimli \u015fekilde desteklemeyi ama\u00e7layan bir aland\u0131r. \u00d6zel E\u011fitim E\u011fitmenli\u011fi E\u011fitimi, [&hellip;]<\/p>\n","protected":false},"featured_media":3685,"comment_status":"open","ping_status":"closed","template":"","meta":{"_acf_changed":false,"_monsterinsights_skip_tracking":false,"_monsterinsights_sitenote_active":false,"_monsterinsights_sitenote_note":"","_monsterinsights_sitenote_category":0},"product_brand":[],"product_cat":[57],"product_tag":[],"class_list":{"0":"post-3820","1":"product","2":"type-product","3":"status-publish","4":"has-post-thumbnail","6":"product_cat-uncategorized-tr","8":"first","9":"instock","10":"sale","11":"virtual","12":"taxable","13":"purchasable","14":"product-type-simple"},"acf":[],"aioseo_notices":[],"_links":{"self":[{"href":"https:\/\/www.arsakademia.com\/en\/wp-json\/wp\/v2\/product\/3820","targetHints":{"allow":["GET"]}}],"collection":[{"href":"https:\/\/www.arsakademia.com\/en\/wp-json\/wp\/v2\/product"}],"about":[{"href":"https:\/\/www.arsakademia.com\/en\/wp-json\/wp\/v2\/types\/product"}],"replies":[{"embeddable":true,"href":"https:\/\/www.arsakademia.com\/en\/wp-json\/wp\/v2\/comments?post=3820"}],"wp:featuredmedia":[{"embeddable":true,"href":"https:\/\/www.arsakademia.com\/en\/wp-json\/wp\/v2\/media\/3685"}],"wp:attachment":[{"href":"https:\/\/www.arsakademia.com\/en\/wp-json\/wp\/v2\/media?parent=3820"}],"wp:term":[{"taxonomy":"product_brand","embeddable":true,"href":"https:\/\/www.arsakademia.com\/en\/wp-json\/wp\/v2\/product_brand?post=3820"},{"taxonomy":"product_cat","embeddable":true,"href":"https:\/\/www.arsakademia.com\/en\/wp-json\/wp\/v2\/product_cat?post=3820"},{"taxonomy":"product_tag","embeddable":true,"href":"https:\/\/www.arsakademia.com\/en\/wp-json\/wp\/v2\/product_tag?post=3820"}],"curies":[{"name":"wp","href":"https:\/\/api.w.org\/{rel}","templated":true}]}}